{"id":3999,"date":"2020-11-07T17:01:00","date_gmt":"2020-11-07T16:01:00","guid":{"rendered":"http:\/\/www.ptosanjose.com\/colegio\/?page_id=3999"},"modified":"2025-09-28T10:23:32","modified_gmt":"2025-09-28T09:23:32","slug":"comedor","status":"publish","type":"page","link":"https:\/\/www.ptosanjose.com\/colegio\/comedor\/","title":{"rendered":"Comedor Escolar"},"content":{"rendered":"<p><a href=\"https:\/\/www.ptosanjose.com\/colegio\/wp-content\/uploads\/2020\/11\/2270-1.jpg\"><img loading=\"lazy\" decoding=\"async\" class=\"wp-image-4140 size-full aligncenter\" title=\"&lt;a href=&quot;https:\/\/www.freepik.es\/vectores\/comida&quot;&gt;Vector de Comida creado por upklyak - www.freepik.es&lt;\/a&gt;\" src=\"https:\/\/www.ptosanjose.com\/colegio\/wp-content\/uploads\/2020\/11\/2270-1.jpg\" alt=\"\" width=\"680\" height=\"227\" srcset=\"https:\/\/www.ptosanjose.com\/colegio\/wp-content\/uploads\/2020\/11\/2270-1.jpg 680w, https:\/\/www.ptosanjose.com\/colegio\/wp-content\/uploads\/2020\/11\/2270-1-600x200.jpg 600w, https:\/\/www.ptosanjose.com\/colegio\/wp-content\/uploads\/2020\/11\/2270-1-300x100.jpg 300w\" sizes=\"auto, (max-width: 680px) 100vw, 680px\" \/><\/a><\/p>\r\n\r\n<p>En el Colegio San Jos\u00e9 estamos convencidos de que una buena alimentaci\u00f3n resulta fundamental para el correcto desarrollo y crecimiento de nuestros alumnos, por eso, nos esforzamos cada d\u00eda para que desde nuestra cocina salgan, no solo las preparaciones m\u00e1s ricas, sino tambi\u00e9n las m\u00e1s adecuadas a sus necesidades nutricionales.<\/p>\r\n<p>Desde el primer curso de Infantil hasta cuarto de ESO, peque\u00f1os y mayores tienen la posibilidad de disfrutar de este servicio que ofrecemos en colaboraci\u00f3n con Ricochef, la empresa que se encarga de suministrar todos los recursos para que Dolores, nuestra cocinera, pueda hacer realidad el men\u00fa que ellos mismos planifican de forma personalizada para nosotros y que sus nutricionistas se encargan continuamente de valorar, garantizando la variedad y presencia de todos los grupos de alimentos y el equilibrio de los principales nutrientes: prote\u00ednas, carbohidratos y grasas saludables.<\/p>\r\n<p>Alcanzar los requerimientos diarios y aportar la cantidad necesaria de vitaminas y minerales es indispensable en cualquier etapa de la vida, pero mucho m\u00e1s durante los a\u00f1os de crecimiento en los que el organismo se encuentra en continuo cambio. Por eso, nuestro men\u00fa diario formado por primer y segundo plato, ensalada, pan y postre pretende presentar siempre un adecuado valor energ\u00e9tico y nutricional que favorezca la salud de nuestros alumnos y les ayude a prevenir enfermedades, sin descuidar la calidad de las preparaciones y escogiendo siempre los m\u00e9todos de cocci\u00f3n m\u00e1s sabrosos y saludables. Adem\u00e1s, Ricochef y la Conselleria de Sanidad realizan controles de calidad de forma peri\u00f3dica, que, adem\u00e1s de garantizar la idoneidad del men\u00fa en lo que a nutrici\u00f3n se refiere, certifican su salubridad y seguridad en todos los procesos: desde la preparaci\u00f3n hasta el transporte incluyendo nuestros utensilios e instalaciones.<\/p>\r\n<p>Acompa\u00f1ados en todo momento por el personal del centro (PAS y maestros debidamente formados y en posesi\u00f3n del Permiso\/Autorizaci\u00f3n de Manipulador de Alimento), nuestros alumnos integran la hora de comer en su proceso de aprendizaje, adquiriendo h\u00e1bitos de higiene y vida saludable al mismo tiempo que se relacionan con sus compa\u00f1eros en un<br \/>ambiente sano y distendido diferente al de las aulas.<\/p>\r\n\r\n\r\n\r\n\r\n\r\n\r\n\r\n<p>Os dejamos a continuaci\u00f3n el men\u00fa de los meses siguientes:<\/p>\r\n\r\n\r\n\r\n<ul class=\"wp-block-list\">\r\n<li><a href=\"https:\/\/drive.google.com\/file\/d\/1f00SDsxmVsNZQoR-ANLeSa62_cnJI5pd\/view?usp=drive_link\">Men\u00fa septiembre<\/a>\u00a0 \u00a0 \u00a0 \u00a0 \u00a0 \u00a0 \u00a0 \u00a0 \u00a0 \u00a0 \u00a0 \u00a0 \u00a0 \u00a0 \u00a0 <a href=\"https:\/\/drive.google.com\/file\/d\/1REJdQM1pwyQqs3tduACy_yXg0T-d1QF9\/view?usp=drive_link\">Men\u00fa septiembre 1er ciclos Infantil<\/a><\/li>\r\n<li><a href=\"https:\/\/drive.google.com\/file\/d\/1-FWUjMDvrBcyH2YonJjf_KZvSvD8366b\/view?usp=drive_link\">Men\u00fa octubre\u00a0<\/a>\u00a0 \u00a0 \u00a0 \u00a0 \u00a0 \u00a0 \u00a0 \u00a0 \u00a0 \u00a0 \u00a0 \u00a0 \u00a0 \u00a0 \u00a0 \u00a0 \u00a0 \u00a0 Men\u00fa octubre 1er ciclos Infantil<\/li>\r\n<li>Men\u00fa noviembre\u00a0 \u00a0 \u00a0 \u00a0 \u00a0 \u00a0 \u00a0 \u00a0 \u00a0 \u00a0 \u00a0 \u00a0 \u00a0 \u00a0 \u00a0 \u00a0Men\u00fa noviembre 1er ciclos Infantil<\/li>\r\n<li>Men\u00fa diciembre\u00a0 \u00a0 \u00a0 \u00a0 \u00a0 \u00a0 \u00a0 \u00a0 \u00a0 \u00a0 \u00a0 \u00a0 \u00a0 \u00a0 \u00a0 \u00a0 \u00a0Men\u00fa diciembre 1er ciclos Infantil<\/li>\r\n<li>Men\u00fa enero\u00a0 \u00a0 \u00a0 \u00a0 \u00a0 \u00a0 \u00a0 \u00a0 \u00a0 \u00a0 \u00a0 \u00a0 \u00a0 \u00a0 \u00a0 \u00a0 \u00a0 \u00a0 \u00a0 \u00a0 \u00a0Men\u00fa enero 1er ciclos Infantil<\/li>\r\n<li>Men\u00fa febrero\u00a0 \u00a0 \u00a0 \u00a0 \u00a0 \u00a0 \u00a0 \u00a0 \u00a0 \u00a0 \u00a0 \u00a0 \u00a0 \u00a0 \u00a0 \u00a0 \u00a0 \u00a0 \u00a0 Men\u00fa febrero 1er ciclos Infantil<\/li>\r\n<li>Men\u00fa marzo\u00a0 \u00a0 \u00a0 \u00a0 \u00a0 \u00a0 \u00a0 \u00a0 \u00a0 \u00a0 \u00a0 \u00a0 \u00a0 \u00a0 \u00a0 \u00a0 \u00a0 \u00a0 \u00a0 \u00a0 Men\u00fa marzo 1er ciclos Infantil<\/li>\r\n<li>Men\u00fa abril\u00a0 \u00a0 \u00a0 \u00a0 \u00a0 \u00a0 \u00a0 \u00a0 \u00a0 \u00a0 \u00a0 \u00a0 \u00a0 \u00a0 \u00a0 \u00a0 \u00a0 \u00a0 \u00a0 \u00a0 \u00a0 \u00a0Men\u00fa abril 1er ciclos Infantil<\/li>\r\n<li>Men\u00fa mayo\u00a0 \u00a0 \u00a0 \u00a0 \u00a0 \u00a0 \u00a0 \u00a0 \u00a0 \u00a0 \u00a0 \u00a0 \u00a0 \u00a0 \u00a0 \u00a0 \u00a0 \u00a0 \u00a0 \u00a0 \u00a0Men\u00fa mayo 1er ciclos Infantil<\/li>\r\n<li>Men\u00fa junio\u00a0 \u00a0 \u00a0 \u00a0 \u00a0 \u00a0 \u00a0 \u00a0 \u00a0 \u00a0 \u00a0 \u00a0 \u00a0 \u00a0 \u00a0 \u00a0 \u00a0 \u00a0 \u00a0 \u00a0 \u00a0Men\u00fa junio 1er ciclos Infantil<\/li>\r\n<\/ul>\r\n\r\n\r\n\r\n<p><strong>Organizaci\u00f3n<\/strong><\/p>\r\n\r\n\r\n\r\n<p>Para un buen uso del servicio, las familias rellenar\u00e1n para el servicio mensual la hoja de inscripci\u00f3n seg\u00fan la etapa.<\/p>\r\n<ul>\r\n<li><a href=\"https:\/\/drive.google.com\/file\/d\/16E4gwVZkbtDh3mzCmzQ-UgKddKB-O6-z\/view?usp=sharing\">Hoja inscripci\u00f3n 1er ciclo Infantil<\/a><\/li>\r\n<li><a href=\"https:\/\/drive.google.com\/file\/d\/1NEyh-otrOqXYJED5Mzvg5a1dQEQCio2a\/view?usp=sharing\">Hoja de inscripci\u00f3n 2\u00ba ciclo Infantil-Primaria-ESO<\/a><\/li>\r\n<\/ul>\r\n<p>&nbsp;<\/p>\r\n<p>Para darse de baja, se avisar\u00e1 10 d\u00edas antes en secretar\u00eda.<\/p>\r\n\r\n\r\n\r\n<p>Para d\u00edas ocasionales, mediante la agenda firmada por los padres.<\/p>\r\n\r\n\r\n\r\n<p>&nbsp;<\/p>\r\n","protected":false},"excerpt":{"rendered":"<p>En el Colegio San Jos\u00e9 estamos convencidos de que una buena alimentaci\u00f3n resulta fundamental para el correcto desarrollo y crecimiento &hellip; <\/p>\n","protected":false},"author":28,"featured_media":0,"parent":0,"menu_order":0,"comment_status":"closed","ping_status":"closed","template":"","meta":{"_eb_attr":"","footnotes":""},"class_list":["post-3999","page","type-page","status-publish","hentry","latest_post"],"_links":{"self":[{"href":"https:\/\/www.ptosanjose.com\/colegio\/wp-json\/wp\/v2\/pages\/3999","targetHints":{"allow":["GET"]}}],"collection":[{"href":"https:\/\/www.ptosanjose.com\/colegio\/wp-json\/wp\/v2\/pages"}],"about":[{"href":"https:\/\/www.ptosanjose.com\/colegio\/wp-json\/wp\/v2\/types\/page"}],"author":[{"embeddable":true,"href":"https:\/\/www.ptosanjose.com\/colegio\/wp-json\/wp\/v2\/users\/28"}],"replies":[{"embeddable":true,"href":"https:\/\/www.ptosanjose.com\/colegio\/wp-json\/wp\/v2\/comments?post=3999"}],"version-history":[{"count":66,"href":"https:\/\/www.ptosanjose.com\/colegio\/wp-json\/wp\/v2\/pages\/3999\/revisions"}],"predecessor-version":[{"id":5716,"href":"https:\/\/www.ptosanjose.com\/colegio\/wp-json\/wp\/v2\/pages\/3999\/revisions\/5716"}],"wp:attachment":[{"href":"https:\/\/www.ptosanjose.com\/colegio\/wp-json\/wp\/v2\/media?parent=3999"}],"curies":[{"name":"wp","href":"https:\/\/api.w.org\/{rel}","templated":true}]}}